{"id":51,"date":"2025-01-19T17:00:05","date_gmt":"2025-01-19T17:00:05","guid":{"rendered":"https:\/\/www.galibus.gal\/?page_id=51"},"modified":"2025-01-19T22:26:12","modified_gmt":"2025-01-19T22:26:12","slug":"directiva","status":"publish","type":"page","link":"https:\/\/www.galibus.gal\/?page_id=51","title":{"rendered":"DIRECTIVA"},"content":{"rendered":"\n<p>Asociaci\u00f3n Empresarial de Transporte de Viajeros por Carretera de Galicia, PYMES.<\/p>\n\n\n<div class=\"wp-block-image\">\n<figure class=\"alignleft size-full is-resized\"><img loading=\"lazy\" decoding=\"async\" width=\"512\" height=\"512\" src=\"https:\/\/www.galibus.gal\/wp-content\/uploads\/2025\/01\/bus_647028.png\" alt=\"\" class=\"wp-image-53\" style=\"width:84px;height:auto\" srcset=\"https:\/\/www.galibus.gal\/wp-content\/uploads\/2025\/01\/bus_647028.png 512w, https:\/\/www.galibus.gal\/wp-content\/uploads\/2025\/01\/bus_647028-300x300.png 300w, https:\/\/www.galibus.gal\/wp-content\/uploads\/2025\/01\/bus_647028-150x150.png 150w, https:\/\/www.galibus.gal\/wp-content\/uploads\/2025\/01\/bus_647028-120x120.png 120w, https:\/\/www.galibus.gal\/wp-content\/uploads\/2025\/01\/bus_647028-105x105.png 105w, https:\/\/www.galibus.gal\/wp-content\/uploads\/2025\/01\/bus_647028-380x380.png 380w, https:\/\/www.galibus.gal\/wp-content\/uploads\/2025\/01\/bus_647028-285x285.png 285w\" sizes=\"(max-width: 512px) 100vw, 512px\" \/><\/figure>\n<\/div>\n\n\n<p>GALIBUS, trabaja con compromiso para representar y defender los intereses de las peque\u00f1as y medianas empresas de transporte de viajeros por carretera, promoviendo su visibilidad y fortaleciendo su posici\u00f3n ante la administraci\u00f3n.<\/p>\n\n\n\n<p><\/p>\n\n\n\n<hr class=\"wp-block-separator has-alpha-channel-opacity\"\/>\n\n\n\n\n\n<div class=\"wp-block-columns is-layout-flex wp-container-core-columns-is-layout-9d6595d7 wp-block-columns-is-layout-flex\">\n<div class=\"wp-block-column is-layout-flow wp-block-column-is-layout-flow\" style=\"flex-basis:100%\">\n<figure class=\"wp-block-table\"><table class=\"has-fixed-layout\"><tbody><tr><td class=\"has-text-align-center\" data-align=\"center\">PRESIDENTE<\/td><td>ALBERTO PEILLET ALVAREZ\u00a0<\/td><\/tr><tr><td class=\"has-text-align-center\" data-align=\"center\">VICEPRESIDENTE 1\u00aa<\/td><td>JESUS VAZQUEZ PI\u00d1A\u00a0<\/td><\/tr><tr><td class=\"has-text-align-center\" data-align=\"center\">VICEPRESIDENTE 2\u00ba<\/td><td>ROBERTO ALVAREZ CONDE<\/td><\/tr><tr><td class=\"has-text-align-center\" data-align=\"center\">SECRETARIO GENERAL<\/td><td>FRANCISCO JAVIER VARELA TEJEDOR<\/td><\/tr><tr><td class=\"has-text-align-center\" data-align=\"center\">TESORERO<\/td><td>LUIS SU\u00c1REZ-LLANOS CASTROMIL<\/td><\/tr><tr><td class=\"has-text-align-center\" data-align=\"center\">VOCALES<\/td><td>RAM\u00d3N SANJU\u00c1N ESPI\u00d1EIRA\u00a0<br>JOSE LUIS LAZARA FAILDE\u00a0<br>JES\u00daS FERNANDO VIGO MERCADO\u00a0<br>FRANCISCO JAVIER ALVAREZ CONDE\u00a0<br>MANUEL BARCALA CERVI\u00d1O<\/td><\/tr><\/tbody><\/table><\/figure>\n<\/div>\n<\/div>\n\n\n\n<p><\/p>\n","protected":false},"excerpt":{"rendered":"<p>Asociaci\u00f3n Empresarial de Transporte de Viajeros por Carretera de Galicia, PYMES. GALIBUS, trabaja con compromiso para representar y defender los intereses de las peque\u00f1as y medianas empresas de transporte de viajeros por carretera, promoviendo su visibilidad y fortaleciendo su posici\u00f3n ante la administraci\u00f3n. PRESIDENTE ALBERTO PEILLET ALVAREZ\u00a0 VICEPRESIDENTE 1\u00aa JESUS VAZQUEZ PI\u00d1A\u00a0 VICEPRESIDENTE 2\u00ba ROBERTO<\/p>\n<p class=\"more-link\"><a href=\"https:\/\/www.galibus.gal\/?page_id=51\" class=\"themebutton\">Read More<\/a><\/p>\n","protected":false},"author":1,"featured_media":0,"parent":0,"menu_order":0,"comment_status":"closed","ping_status":"closed","template":"","meta":{"saved_in_kubio":true,"footnotes":""},"class_list":["post-51","page","type-page","status-publish","hentry"],"kubio_ai_page_context":{"short_desc":"","purpose":"general"},"_links":{"self":[{"href":"https:\/\/www.galibus.gal\/index.php?rest_route=\/wp\/v2\/pages\/51","targetHints":{"allow":["GET"]}}],"collection":[{"href":"https:\/\/www.galibus.gal\/index.php?rest_route=\/wp\/v2\/pages"}],"about":[{"href":"https:\/\/www.galibus.gal\/index.php?rest_route=\/wp\/v2\/types\/page"}],"author":[{"embeddable":true,"href":"https:\/\/www.galibus.gal\/index.php?rest_route=\/wp\/v2\/users\/1"}],"replies":[{"embeddable":true,"href":"https:\/\/www.galibus.gal\/index.php?rest_route=%2Fwp%2Fv2%2Fcomments&post=51"}],"version-history":[{"count":5,"href":"https:\/\/www.galibus.gal\/index.php?rest_route=\/wp\/v2\/pages\/51\/revisions"}],"predecessor-version":[{"id":104,"href":"https:\/\/www.galibus.gal\/index.php?rest_route=\/wp\/v2\/pages\/51\/revisions\/104"}],"wp:attachment":[{"href":"https:\/\/www.galibus.gal\/index.php?rest_route=%2Fwp%2Fv2%2Fmedia&parent=51"}],"curies":[{"name":"wp","href":"https:\/\/api.w.org\/{rel}","templated":true}]}}